{"id":70206,"date":"2021-09-30T12:37:38","date_gmt":"2021-09-30T12:37:38","guid":{"rendered":"https:\/\/www.asufin.com\/?page_id=70206"},"modified":"2022-06-01T20:44:50","modified_gmt":"2022-06-01T20:44:50","slug":"proyecte-illes-balears","status":"publish","type":"page","link":"https:\/\/staging.asufin.com\/staging\/ca\/proyecte-illes-balears\/","title":{"rendered":"Projecte Illes Balears"},"content":{"rendered":"\t\t<div data-elementor-type=\"wp-page\" data-elementor-id=\"70206\" class=\"elementor elementor-70206\">\n\t\t\t\t\t\t<section class=\"elementor-section elementor-top-section elementor-element elementor-element-7e4e114 elementor-section-boxed elementor-section-height-default elementor-section-height-default\" data-id=\"7e4e114\" data-element_type=\"section\" data-settings=\"{&quot;background_background&quot;:&quot;classic&quot;}\">\n\t\t\t\t\t\t<div class=\"elementor-container elementor-column-gap-default\">\n\t\t\t\t\t<div class=\"elementor-column elementor-col-100 elementor-top-column elementor-element elementor-element-dafedf8\" data-id=\"dafedf8\" data-element_type=\"column\">\n\t\t\t<div class=\"elementor-widget-wrap elementor-element-populated\">\n\t\t\t\t\t\t\t<\/div>\n\t\t<\/div>\n\t\t\t\t\t<\/div>\n\t\t<\/section>\n\t\t\t\t<section class=\"elementor-section elementor-top-section elementor-element elementor-element-33c3fab elementor-section-boxed elementor-section-height-default elementor-section-height-default\" data-id=\"33c3fab\" data-element_type=\"section\">\n\t\t\t\t\t\t<div class=\"elementor-container elementor-column-gap-default\">\n\t\t\t\t\t<div class=\"elementor-column elementor-col-100 elementor-top-column elementor-element elementor-element-661bee3\" data-id=\"661bee3\" data-element_type=\"column\">\n\t\t\t<div class=\"elementor-widget-wrap elementor-element-populated\">\n\t\t\t\t\t\t<div class=\"elementor-element elementor-element-57ad940 elementor-widget elementor-widget-heading\" data-id=\"57ad940\" data-element_type=\"widget\" data-widget_type=\"heading.default\">\n\t\t\t\t<div class=\"elementor-widget-container\">\n\t\t\t\t\t<h1 class=\"elementor-heading-title elementor-size-default\"><span style=\"color: #eb2b8e\"><strong>Projectes\u00a0<\/strong><span style=\"color: #000000\">ASUFIN Illes Balears<\/span><\/span><\/h1>\t\t\t\t<\/div>\n\t\t\t\t<\/div>\n\t\t\t\t<div class=\"elementor-element elementor-element-e0d01b6 elementor-widget elementor-widget-text-editor\" data-id=\"e0d01b6\" data-element_type=\"widget\" data-widget_type=\"text-editor.default\">\n\t\t\t\t<div class=\"elementor-widget-container\">\n\t\t\t\t\t\t\t\t\t<p>Al 2019 vam <b>obrir una delegaci\u00f3 a Illes Balears<\/b> per a millorar la nostra col\u00b7laboraci\u00f3 amb les institucions i oferir una major proximitat als consumidors\/es de les illes. Des dels seus inicis, la nostra seu d&#8217;Illes Balears ha comptat amb el suport de la Conselleria de Salut i Consum de les Illes Balears.<\/p>\t\t\t\t\t\t\t\t<\/div>\n\t\t\t\t<\/div>\n\t\t\t\t<div class=\"elementor-element elementor-element-aad5155 elementor-widget elementor-widget-text-editor\" data-id=\"aad5155\" data-element_type=\"widget\" data-widget_type=\"text-editor.default\">\n\t\t\t\t<div class=\"elementor-widget-container\">\n\t\t\t\t\t\t\t\t\t<p><strong>Projecte 2021: <\/strong><span style=\"font-size: 1rem;\"><b>Atenci\u00f3, assessorament i educaci\u00f3 financera per a les persones consumidores de les Illes Balears 2021.<\/b><\/span><\/p><p>Amb el desenvolupament d&#8217;aquest projecte busquem <b>assessorar, informar i formar<\/b> als usuaris\/es per a ajudar-los a evitar el sobreendeutament i conscienciar-los sobre la import\u00e0ncia de l&#8217;associacionisme en la defensa dels drets dels consumidors\/es.<\/p>\t\t\t\t\t\t\t\t<\/div>\n\t\t\t\t<\/div>\n\t\t\t\t<section class=\"elementor-section elementor-inner-section elementor-element elementor-element-28c57e3 elementor-section-boxed elementor-section-height-default elementor-section-height-default\" data-id=\"28c57e3\" data-element_type=\"section\">\n\t\t\t\t\t\t\t<div class=\"elementor-background-overlay\"><\/div>\n\t\t\t\t\t\t\t<div class=\"elementor-container elementor-column-gap-default\">\n\t\t\t\t\t<div class=\"elementor-column elementor-col-50 elementor-inner-column elementor-element elementor-element-83cb2b8\" data-id=\"83cb2b8\" data-element_type=\"column\" data-settings=\"{&quot;background_background&quot;:&quot;classic&quot;}\">\n\t\t\t<div class=\"elementor-widget-wrap elementor-element-populated\">\n\t\t\t\t\t\t<div class=\"elementor-element elementor-element-3d72462 elementor-widget elementor-widget-image\" data-id=\"3d72462\" data-element_type=\"widget\" data-widget_type=\"image.default\">\n\t\t\t\t<div class=\"elementor-widget-container\">\n\t\t\t\t\t\t\t\t\t\t\t\t\t\t\t<img decoding=\"async\" data-attachment-id=\"52944\" data-permalink=\"https:\/\/staging.asufin.com\/staging\/ponenteo_webinar_asufin\/\" data-orig-file=\"https:\/\/i0.wp.com\/staging.asufin.com\/staging\/wp-content\/uploads\/2020\/07\/ponenteo_webinar_asufin.png?fit=121%2C121&amp;ssl=1\" data-orig-size=\"121,121\" data-comments-opened=\"1\" data-image-meta=\"{&quot;aperture&quot;:&quot;0&quot;,&quot;credit&quot;:&quot;&quot;,&quot;camera&quot;:&quot;&quot;,&quot;caption&quot;:&quot;&quot;,&quot;created_timestamp&quot;:&quot;0&quot;,&quot;copyright&quot;:&quot;&quot;,&quot;focal_length&quot;:&quot;0&quot;,&quot;iso&quot;:&quot;0&quot;,&quot;shutter_speed&quot;:&quot;0&quot;,&quot;title&quot;:&quot;&quot;,&quot;orientation&quot;:&quot;0&quot;}\" data-image-title=\"ICONO_PONENTE\" data-image-description=\"&lt;p&gt;ICONO_PONENTE&lt;\/p&gt;\n\" data-image-caption=\"\" data-large-file=\"https:\/\/i0.wp.com\/staging.asufin.com\/staging\/wp-content\/uploads\/2020\/07\/ponenteo_webinar_asufin.png?fit=121%2C121&amp;ssl=1\" width=\"121\" height=\"121\" src=\"https:\/\/i0.wp.com\/staging.asufin.com\/staging\/wp-content\/uploads\/2020\/07\/ponenteo_webinar_asufin.png?fit=121%2C121&amp;ssl=1\" class=\"attachment-medium size-medium wp-image-52944\" alt=\"ICONO_PONENTE\" title=\"\">\t\t\t\t\t\t\t\t\t\t\t\t\t\t\t<\/div>\n\t\t\t\t<\/div>\n\t\t\t\t\t<\/div>\n\t\t<\/div>\n\t\t\t\t<div class=\"elementor-column elementor-col-50 elementor-inner-column elementor-element elementor-element-1c2b0e4\" data-id=\"1c2b0e4\" data-element_type=\"column\" data-settings=\"{&quot;background_background&quot;:&quot;classic&quot;}\">\n\t\t\t<div class=\"elementor-widget-wrap elementor-element-populated\">\n\t\t\t\t\t\t<div class=\"elementor-element elementor-element-3603777 elementor-widget elementor-widget-text-editor\" data-id=\"3603777\" data-element_type=\"widget\" data-widget_type=\"text-editor.default\">\n\t\t\t\t<div class=\"elementor-widget-container\">\n\t\t\t\t\t\t\t\t\t<h3 style=\"text-align: center;\">Webinars<\/h3><p>Per a formar i informar als consumidors\/es hem celebrat 2 tallers en l\u00ednia en format webinar sobre temes d&#8217;actualitat i inter\u00e8s per a la ciutadania:<\/p><ul><li>Webinar <a href=\"https:\/\/www.youtube.com\/watch?v=FAqduwCuABI&amp;t=1973s\" target=\"_blank\" rel=\"noopener\">IRPH: Novetats des d&#8217;Europa<\/a><\/li><li>Webinar <a href=\"https:\/\/www.youtube.com\/watch?v=bGrqsp9yUz4&amp;t=323s\" target=\"_blank\" rel=\"noopener\">Aerol\u00ednies: Aquest estiu defensa els teus drets<\/a><\/li><\/ul>\t\t\t\t\t\t\t\t<\/div>\n\t\t\t\t<\/div>\n\t\t\t\t\t<\/div>\n\t\t<\/div>\n\t\t\t\t\t<\/div>\n\t\t<\/section>\n\t\t\t\t<section class=\"elementor-section elementor-inner-section elementor-element elementor-element-03c19e7 elementor-section-boxed elementor-section-height-default elementor-section-height-default\" data-id=\"03c19e7\" data-element_type=\"section\">\n\t\t\t\t\t\t<div class=\"elementor-container elementor-column-gap-default\">\n\t\t\t\t\t<div class=\"elementor-column elementor-col-50 elementor-inner-column elementor-element elementor-element-b772e57\" data-id=\"b772e57\" data-element_type=\"column\" data-settings=\"{&quot;background_background&quot;:&quot;classic&quot;}\">\n\t\t\t<div class=\"elementor-widget-wrap elementor-element-populated\">\n\t\t\t\t\t\t<div class=\"elementor-element elementor-element-fc6b689 elementor-widget elementor-widget-image\" data-id=\"fc6b689\" data-element_type=\"widget\" data-widget_type=\"image.default\">\n\t\t\t\t<div class=\"elementor-widget-container\">\n\t\t\t\t\t\t\t\t\t\t\t\t\t\t\t<img decoding=\"async\" data-attachment-id=\"55416\" data-permalink=\"https:\/\/staging.asufin.com\/staging\/aprende\/estudios_barometros_asufin\/\" data-orig-file=\"https:\/\/i0.wp.com\/staging.asufin.com\/staging\/wp-content\/uploads\/2020\/09\/ESTUDIOS_BAROMETROS_ASUFIN.png?fit=200%2C200&amp;ssl=1\" data-orig-size=\"200,200\" data-comments-opened=\"1\" data-image-meta=\"{&quot;aperture&quot;:&quot;0&quot;,&quot;credit&quot;:&quot;&quot;,&quot;camera&quot;:&quot;&quot;,&quot;caption&quot;:&quot;&quot;,&quot;created_timestamp&quot;:&quot;0&quot;,&quot;copyright&quot;:&quot;&quot;,&quot;focal_length&quot;:&quot;0&quot;,&quot;iso&quot;:&quot;0&quot;,&quot;shutter_speed&quot;:&quot;0&quot;,&quot;title&quot;:&quot;&quot;,&quot;orientation&quot;:&quot;0&quot;}\" data-image-title=\"ESTUDIOS_BAROMETROS_ASUFIN\" data-image-description=\"\" data-image-caption=\"\" data-large-file=\"https:\/\/i0.wp.com\/staging.asufin.com\/staging\/wp-content\/uploads\/2020\/09\/ESTUDIOS_BAROMETROS_ASUFIN.png?fit=200%2C200&amp;ssl=1\" width=\"200\" height=\"200\" src=\"https:\/\/i0.wp.com\/staging.asufin.com\/staging\/wp-content\/uploads\/2020\/09\/ESTUDIOS_BAROMETROS_ASUFIN.png?fit=200%2C200&amp;ssl=1\" class=\"attachment-medium size-medium wp-image-55416\" alt=\"\" srcset=\"https:\/\/i0.wp.com\/staging.asufin.com\/staging\/wp-content\/uploads\/2020\/09\/ESTUDIOS_BAROMETROS_ASUFIN.png?w=200&amp;ssl=1 200w, https:\/\/i0.wp.com\/staging.asufin.com\/staging\/wp-content\/uploads\/2020\/09\/ESTUDIOS_BAROMETROS_ASUFIN.png?resize=150%2C150&amp;ssl=1 150w\" sizes=\"(max-width: 200px) 100vw, 200px\" title=\"\">\t\t\t\t\t\t\t\t\t\t\t\t\t\t\t<\/div>\n\t\t\t\t<\/div>\n\t\t\t\t\t<\/div>\n\t\t<\/div>\n\t\t\t\t<div class=\"elementor-column elementor-col-50 elementor-inner-column elementor-element elementor-element-b0488df\" data-id=\"b0488df\" data-element_type=\"column\" data-settings=\"{&quot;background_background&quot;:&quot;classic&quot;}\">\n\t\t\t<div class=\"elementor-widget-wrap elementor-element-populated\">\n\t\t\t\t\t\t<div class=\"elementor-element elementor-element-40a5a81 elementor-widget elementor-widget-text-editor\" data-id=\"40a5a81\" data-element_type=\"widget\" data-widget_type=\"text-editor.default\">\n\t\t\t\t<div class=\"elementor-widget-container\">\n\t\t\t\t\t\t\t\t\t<h3 style=\"text-align: center;\">Estudis<\/h3><p>Els estudis i la recerca en el camp del consum s\u00f3n essencials per a con\u00e8ixer l&#8217;estat del mercat actual i els h\u00e0bits dels consumidors\/es. Per aix\u00f2, s&#8217;ha elaborat la seg\u00fcent publicaci\u00f3:<\/p><ul><li>Veure <a href=\"https:\/\/staging.asufin.com\/staging\/wp-content\/uploads\/2021\/09\/210927_III_BAROMETRO_PRESTAMOS_AL_CONSUMO_CAT-1.pdf\" target=\"_blank\" rel=\"noopener\">III Bar\u00f2metre pr\u00e9stecs al consum CATAL\u00c0<\/a><\/li><\/ul>\t\t\t\t\t\t\t\t<\/div>\n\t\t\t\t<\/div>\n\t\t\t\t\t<\/div>\n\t\t<\/div>\n\t\t\t\t\t<\/div>\n\t\t<\/section>\n\t\t\t\t<section class=\"elementor-section elementor-inner-section elementor-element elementor-element-a648d2a elementor-section-boxed elementor-section-height-default elementor-section-height-default\" data-id=\"a648d2a\" data-element_type=\"section\">\n\t\t\t\t\t\t<div class=\"elementor-container elementor-column-gap-default\">\n\t\t\t\t\t<div class=\"elementor-column elementor-col-50 elementor-inner-column elementor-element elementor-element-0ee3d97\" data-id=\"0ee3d97\" data-element_type=\"column\" data-settings=\"{&quot;background_background&quot;:&quot;classic&quot;}\">\n\t\t\t<div class=\"elementor-widget-wrap elementor-element-populated\">\n\t\t\t\t\t\t<div class=\"elementor-element elementor-element-e31bf89 elementor-widget elementor-widget-image\" data-id=\"e31bf89\" data-element_type=\"widget\" data-widget_type=\"image.default\">\n\t\t\t\t<div class=\"elementor-widget-container\">\n\t\t\t\t\t\t\t\t\t\t\t\t\t\t\t<img decoding=\"async\" data-attachment-id=\"53090\" data-permalink=\"https:\/\/staging.asufin.com\/staging\/agenda-de-julio\/inscripcion_webinar_asufin_landing\/\" data-orig-file=\"https:\/\/i0.wp.com\/staging.asufin.com\/staging\/wp-content\/uploads\/2020\/07\/inscripcion_webinar_asufin_landing.png?fit=121%2C121&amp;ssl=1\" data-orig-size=\"121,121\" data-comments-opened=\"1\" data-image-meta=\"{&quot;aperture&quot;:&quot;0&quot;,&quot;credit&quot;:&quot;&quot;,&quot;camera&quot;:&quot;&quot;,&quot;caption&quot;:&quot;&quot;,&quot;created_timestamp&quot;:&quot;0&quot;,&quot;copyright&quot;:&quot;&quot;,&quot;focal_length&quot;:&quot;0&quot;,&quot;iso&quot;:&quot;0&quot;,&quot;shutter_speed&quot;:&quot;0&quot;,&quot;title&quot;:&quot;&quot;,&quot;orientation&quot;:&quot;0&quot;}\" data-image-title=\"ICONO INSCRIPCI\u00d3N WEBINAR JULIO\" data-image-description=\"&lt;p&gt;ICONO INSCRIPCI\u00d3N WEBINAR JULIO&lt;\/p&gt;\n\" data-image-caption=\"\" data-large-file=\"https:\/\/i0.wp.com\/staging.asufin.com\/staging\/wp-content\/uploads\/2020\/07\/inscripcion_webinar_asufin_landing.png?fit=121%2C121&amp;ssl=1\" width=\"121\" height=\"121\" src=\"https:\/\/i0.wp.com\/staging.asufin.com\/staging\/wp-content\/uploads\/2020\/07\/inscripcion_webinar_asufin_landing.png?fit=121%2C121&amp;ssl=1\" class=\"attachment-medium size-medium wp-image-53090\" alt=\"ICONO INSCRIPCI\u00d3N WEBINAR JULIO\" title=\"\">\t\t\t\t\t\t\t\t\t\t\t\t\t\t\t<\/div>\n\t\t\t\t<\/div>\n\t\t\t\t\t<\/div>\n\t\t<\/div>\n\t\t\t\t<div class=\"elementor-column elementor-col-50 elementor-inner-column elementor-element elementor-element-d89d146\" data-id=\"d89d146\" data-element_type=\"column\" data-settings=\"{&quot;background_background&quot;:&quot;classic&quot;}\">\n\t\t\t<div class=\"elementor-widget-wrap elementor-element-populated\">\n\t\t\t\t\t\t<div class=\"elementor-element elementor-element-c9c935e elementor-widget elementor-widget-text-editor\" data-id=\"c9c935e\" data-element_type=\"widget\" data-widget_type=\"text-editor.default\">\n\t\t\t\t<div class=\"elementor-widget-container\">\n\t\t\t\t\t\t\t\t\t<h3 style=\"text-align: center;\">Altres Recursos<\/h3>\nEn aquesta secci\u00f3 trobar\u00e0s, material i eines info-formatives amb consells i claus per a ajudar a ls consumidors\/es:\n<ul>\n \t<li>Veure <a href=\"https:\/\/staging.asufin.com\/staging\/wp-content\/uploads\/2021\/09\/210707_INFOGRAFIA_AEROLINEAS.pdf\" target=\"_blank\" rel=\"noopener\">Infograf\u00eda viatges<\/a><\/li>\n \t<li>Veure <a href=\"https:\/\/staging.asufin.com\/staging\/wp-content\/uploads\/2021\/09\/AAFF_BUZONEO_BAL.pdf\" target=\"_blank\" rel=\"noopener\">Fullet<\/a><\/li>\n \t<li>Veure <a href=\"https:\/\/staging.asufin.com\/staging\/ca\/inici\/\" target=\"_blank\" rel=\"noopener\">Blog de not\u00edcies<\/a><\/li>\n<\/ul>\t\t\t\t\t\t\t\t<\/div>\n\t\t\t\t<\/div>\n\t\t\t\t\t<\/div>\n\t\t<\/div>\n\t\t\t\t\t<\/div>\n\t\t<\/section>\n\t\t\t\t<section class=\"elementor-section elementor-inner-section elementor-element elementor-element-6ec9c7b elementor-section-boxed elementor-section-height-default elementor-section-height-default\" data-id=\"6ec9c7b\" data-element_type=\"section\">\n\t\t\t\t\t\t<div class=\"elementor-container elementor-column-gap-default\">\n\t\t\t\t\t<div class=\"elementor-column elementor-col-100 elementor-inner-column elementor-element elementor-element-db7ba1a\" data-id=\"db7ba1a\" data-element_type=\"column\" data-settings=\"{&quot;background_background&quot;:&quot;classic&quot;}\">\n\t\t\t<div class=\"elementor-widget-wrap elementor-element-populated\">\n\t\t\t\t\t\t<div class=\"elementor-element elementor-element-58b7ece elementor-widget elementor-widget-spacer\" data-id=\"58b7ece\" data-element_type=\"widget\" data-widget_type=\"spacer.default\">\n\t\t\t\t<div class=\"elementor-widget-container\">\n\t\t\t\t\t\t\t<div class=\"elementor-spacer\">\n\t\t\t<div class=\"elementor-spacer-inner\"><\/div>\n\t\t<\/div>\n\t\t\t\t\t\t<\/div>\n\t\t\t\t<\/div>\n\t\t\t\t\t<\/div>\n\t\t<\/div>\n\t\t\t\t\t<\/div>\n\t\t<\/section>\n\t\t\t\t<section class=\"elementor-section elementor-inner-section elementor-element elementor-element-8a0ec15 elementor-section-boxed elementor-section-height-default elementor-section-height-default\" data-id=\"8a0ec15\" data-element_type=\"section\">\n\t\t\t\t\t\t<div class=\"elementor-container elementor-column-gap-default\">\n\t\t\t\t\t<div class=\"elementor-column elementor-col-50 elementor-inner-column elementor-element elementor-element-aac18a4\" data-id=\"aac18a4\" data-element_type=\"column\" data-settings=\"{&quot;background_background&quot;:&quot;classic&quot;}\">\n\t\t\t<div class=\"elementor-widget-wrap elementor-element-populated\">\n\t\t\t\t\t\t<div class=\"elementor-element elementor-element-ebbc959 elementor-widget elementor-widget-image\" data-id=\"ebbc959\" data-element_type=\"widget\" data-widget_type=\"image.default\">\n\t\t\t\t<div class=\"elementor-widget-container\">\n\t\t\t\t\t\t\t\t\t\t\t\t\t\t\t<img loading=\"lazy\" decoding=\"async\" data-attachment-id=\"55693\" data-permalink=\"https:\/\/staging.asufin.com\/staging\/logo_asufin_illes_balears\/\" data-orig-file=\"https:\/\/i0.wp.com\/staging.asufin.com\/staging\/wp-content\/uploads\/2020\/09\/logo_ASUFIN_IlLES_Balears.jpg?fit=204%2C89&amp;ssl=1\" data-orig-size=\"204,89\" data-comments-opened=\"1\" data-image-meta=\"{&quot;aperture&quot;:&quot;0&quot;,&quot;credit&quot;:&quot;&quot;,&quot;camera&quot;:&quot;&quot;,&quot;caption&quot;:&quot;&quot;,&quot;created_timestamp&quot;:&quot;0&quot;,&quot;copyright&quot;:&quot;&quot;,&quot;focal_length&quot;:&quot;0&quot;,&quot;iso&quot;:&quot;0&quot;,&quot;shutter_speed&quot;:&quot;0&quot;,&quot;title&quot;:&quot;&quot;,&quot;orientation&quot;:&quot;1&quot;}\" data-image-title=\"logo_ASUFIN_IlLES_Balears\" data-image-description=\"\" data-image-caption=\"\" data-large-file=\"https:\/\/i0.wp.com\/staging.asufin.com\/staging\/wp-content\/uploads\/2020\/09\/logo_ASUFIN_IlLES_Balears.jpg?fit=204%2C89&amp;ssl=1\" width=\"204\" height=\"89\" src=\"https:\/\/i0.wp.com\/staging.asufin.com\/staging\/wp-content\/uploads\/2020\/09\/logo_ASUFIN_IlLES_Balears.jpg?fit=204%2C89&amp;ssl=1\" class=\"attachment-large size-large wp-image-55693\" alt=\"\" title=\"\">\t\t\t\t\t\t\t\t\t\t\t\t\t\t\t<\/div>\n\t\t\t\t<\/div>\n\t\t\t\t\t<\/div>\n\t\t<\/div>\n\t\t\t\t<div class=\"elementor-column elementor-col-50 elementor-inner-column elementor-element elementor-element-d52a62b\" data-id=\"d52a62b\" data-element_type=\"column\" data-settings=\"{&quot;background_background&quot;:&quot;classic&quot;}\">\n\t\t\t<div class=\"elementor-widget-wrap elementor-element-populated\">\n\t\t\t\t\t\t<div class=\"elementor-element elementor-element-0e67797 elementor-widget elementor-widget-image\" data-id=\"0e67797\" data-element_type=\"widget\" data-widget_type=\"image.default\">\n\t\t\t\t<div class=\"elementor-widget-container\">\n\t\t\t\t\t\t\t\t\t\t\t\t\t\t\t<img loading=\"lazy\" decoding=\"async\" data-attachment-id=\"55706\" data-permalink=\"https:\/\/staging.asufin.com\/staging\/logo_conselleria\/\" data-orig-file=\"https:\/\/i0.wp.com\/staging.asufin.com\/staging\/wp-content\/uploads\/2020\/09\/logo_conselleria.png?fit=182%2C151&amp;ssl=1\" data-orig-size=\"182,151\" data-comments-opened=\"1\" data-image-meta=\"{&quot;aperture&quot;:&quot;0&quot;,&quot;credit&quot;:&quot;&quot;,&quot;camera&quot;:&quot;&quot;,&quot;caption&quot;:&quot;&quot;,&quot;created_timestamp&quot;:&quot;0&quot;,&quot;copyright&quot;:&quot;&quot;,&quot;focal_length&quot;:&quot;0&quot;,&quot;iso&quot;:&quot;0&quot;,&quot;shutter_speed&quot;:&quot;0&quot;,&quot;title&quot;:&quot;&quot;,&quot;orientation&quot;:&quot;0&quot;}\" data-image-title=\"logo_conselleria\" data-image-description=\"\" data-image-caption=\"\" data-large-file=\"https:\/\/i0.wp.com\/staging.asufin.com\/staging\/wp-content\/uploads\/2020\/09\/logo_conselleria.png?fit=182%2C151&amp;ssl=1\" width=\"182\" height=\"151\" src=\"https:\/\/i0.wp.com\/staging.asufin.com\/staging\/wp-content\/uploads\/2020\/09\/logo_conselleria.png?fit=182%2C151&amp;ssl=1\" class=\"attachment-medium size-medium wp-image-55706\" alt=\"\" title=\"\">\t\t\t\t\t\t\t\t\t\t\t\t\t\t\t<\/div>\n\t\t\t\t<\/div>\n\t\t\t\t\t<\/div>\n\t\t<\/div>\n\t\t\t\t\t<\/div>\n\t\t<\/section>\n\t\t\t\t<section class=\"elementor-section elementor-inner-section elementor-element elementor-element-610773c elementor-section-boxed elementor-section-height-default elementor-section-height-default\" data-id=\"610773c\" data-element_type=\"section\">\n\t\t\t\t\t\t<div class=\"elementor-container elementor-column-gap-default\">\n\t\t\t\t\t<div class=\"elementor-column elementor-col-100 elementor-inner-column elementor-element elementor-element-24c7232\" data-id=\"24c7232\" data-element_type=\"column\" data-settings=\"{&quot;background_background&quot;:&quot;classic&quot;}\">\n\t\t\t<div class=\"elementor-widget-wrap elementor-element-populated\">\n\t\t\t\t\t\t<div class=\"elementor-element elementor-element-e057e61 elementor-widget elementor-widget-text-editor\" data-id=\"e057e61\" data-element_type=\"widget\" data-widget_type=\"text-editor.default\">\n\t\t\t\t<div class=\"elementor-widget-container\">\n\t\t\t\t\t\t\t\t\t<p>Amb la col\u00b7laboraci\u00f3 de la Conselleria de Salut i Consum de les Illes Balears<\/p>\t\t\t\t\t\t\t\t<\/div>\n\t\t\t\t<\/div>\n\t\t\t\t\t<\/div>\n\t\t<\/div>\n\t\t\t\t\t<\/div>\n\t\t<\/section>\n\t\t\t\t\t<\/div>\n\t\t<\/div>\n\t\t\t\t\t<\/div>\n\t\t<\/section>\n\t\t\t\t<section class=\"elementor-section elementor-top-section elementor-element elementor-element-20ae5c9 elementor-section-boxed elementor-section-height-default elementor-section-height-default\" data-id=\"20ae5c9\" data-element_type=\"section\">\n\t\t\t\t\t\t<div class=\"elementor-container elementor-column-gap-default\">\n\t\t\t\t\t<div class=\"elementor-column elementor-col-100 elementor-top-column elementor-element elementor-element-789d2e9\" data-id=\"789d2e9\" data-element_type=\"column\">\n\t\t\t<div class=\"elementor-widget-wrap\">\n\t\t\t\t\t\t\t<\/div>\n\t\t<\/div>\n\t\t\t\t\t<\/div>\n\t\t<\/section>\n\t\t\t\t<\/div>\n\t\t","protected":false},"excerpt":{"rendered":"<p>Projectes\u00a0ASUFIN Illes Balears Al 2019 vam obrir una delegaci\u00f3 a Illes Balears per a millorar la nostra col\u00b7laboraci\u00f3 amb les institucions i oferir una major proximitat als consumidors\/es de les illes. Des dels seus inicis, la nostra seu d&#8217;Illes Balears ha comptat amb el suport de la Conselleria de Salut i Consum de les Illes [&hellip;]<\/p>\n","protected":false},"author":279,"featured_media":55067,"parent":0,"menu_order":0,"comment_status":"closed","ping_status":"closed","template":"","meta":{"_acf_changed":false,"footnotes":""},"categories":[],"class_list":["post-70206","page","type-page","status-publish","has-post-thumbnail","hentry"],"acf":[],"jetpack_shortlink":"https:\/\/wp.me\/PeayLa-igm","jetpack_likes_enabled":false,"jetpack_sharing_enabled":true,"_links":{"self":[{"href":"https:\/\/staging.asufin.com\/staging\/wp-json\/wp\/v2\/pages\/70206","targetHints":{"allow":["GET"]}}],"collection":[{"href":"https:\/\/staging.asufin.com\/staging\/wp-json\/wp\/v2\/pages"}],"about":[{"href":"https:\/\/staging.asufin.com\/staging\/wp-json\/wp\/v2\/types\/page"}],"author":[{"embeddable":true,"href":"https:\/\/staging.asufin.com\/staging\/wp-json\/wp\/v2\/users\/279"}],"replies":[{"embeddable":true,"href":"https:\/\/staging.asufin.com\/staging\/wp-json\/wp\/v2\/comments?post=70206"}],"version-history":[{"count":80,"href":"https:\/\/staging.asufin.com\/staging\/wp-json\/wp\/v2\/pages\/70206\/revisions"}],"predecessor-version":[{"id":101761,"href":"https:\/\/staging.asufin.com\/staging\/wp-json\/wp\/v2\/pages\/70206\/revisions\/101761"}],"wp:featuredmedia":[{"embeddable":true,"href":"https:\/\/staging.asufin.com\/staging\/wp-json\/wp\/v2\/media\/55067"}],"wp:attachment":[{"href":"https:\/\/staging.asufin.com\/staging\/wp-json\/wp\/v2\/media?parent=70206"}],"wp:term":[{"taxonomy":"category","embeddable":true,"href":"https:\/\/staging.asufin.com\/staging\/wp-json\/wp\/v2\/categories?post=70206"}],"curies":[{"name":"wp","href":"https:\/\/api.w.org\/{rel}","templated":true}]}}